{"id":446,"date":"2022-08-17T13:33:50","date_gmt":"2022-08-17T13:33:50","guid":{"rendered":"https:\/\/vigilant-hawking.85-214-153-108.plesk.page\/en\/?page_id=446"},"modified":"2022-09-08T05:48:55","modified_gmt":"2022-09-08T05:48:55","slug":"galerie","status":"publish","type":"page","link":"https:\/\/www.andechser-am-dom.de\/en\/galerie\/","title":{"rendered":"Impressions"},"content":{"rendered":"\n<figure class=\"wp-block-gallery has-nested-images columns-default is-cropped wp-block-gallery-1 is-layout-flex wp-block-gallery-is-layout-flex\">\n<figure class=\"wp-block-image size-large\"><a href=\"https:\/\/www.andechser-am-dom.de\/en\/wp-content\/uploads\/sites\/2\/2022\/08\/GroessenaenderungDSC03867-scaled.jpg\"><img loading=\"lazy\" decoding=\"async\" width=\"683\" height=\"1024\" data-id=\"445\" src=\"https:\/\/www.andechser-am-dom.de\/en\/wp-content\/uploads\/sites\/2\/2022\/08\/GroessenaenderungDSC03867-683x1024.jpg\" alt=\"Meister der launigen und kurzweiligen Begr\u00fc\u00dfung: Sepp Kr\u00e4tz\" class=\"wp-image-445\" srcset=\"https:\/\/www.andechser-am-dom.de\/en\/wp-content\/uploads\/sites\/2\/2022\/08\/GroessenaenderungDSC03867-683x1024.jpg 683w, https:\/\/www.andechser-am-dom.de\/en\/wp-content\/uploads\/sites\/2\/2022\/08\/GroessenaenderungDSC03867-200x300.jpg 200w, https:\/\/www.andechser-am-dom.de\/en\/wp-content\/uploads\/sites\/2\/2022\/08\/GroessenaenderungDSC03867-768x1152.jpg 768w, https:\/\/www.andechser-am-dom.de\/en\/wp-content\/uploads\/sites\/2\/2022\/08\/GroessenaenderungDSC03867-1024x1536.jpg 1024w, https:\/\/www.andechser-am-dom.de\/en\/wp-content\/uploads\/sites\/2\/2022\/08\/GroessenaenderungDSC03867-1365x2048.jpg 1365w, https:\/\/www.andechser-am-dom.de\/en\/wp-content\/uploads\/sites\/2\/2022\/08\/GroessenaenderungDSC03867-scaled.jpg 1707w\" sizes=\"auto, (max-width: 683px) 100vw, 683px\" \/><\/a><figcaption>Meister der launigen und kurzweiligen Begr\u00fc\u00dfung: Sepp Kr\u00e4tz<\/figcaption><\/figure>\n\n\n\n<figure class=\"wp-block-image size-large\"><a href=\"https:\/\/www.andechser-am-dom.de\/en\/wp-content\/uploads\/sites\/2\/2022\/08\/GroessenaenderungDSC03933-scaled.jpg\"><img loading=\"lazy\" decoding=\"async\" width=\"1024\" height=\"683\" data-id=\"444\" src=\"https:\/\/www.andechser-am-dom.de\/en\/wp-content\/uploads\/sites\/2\/2022\/08\/GroessenaenderungDSC03933-1024x683.jpg\" alt=\"Segen f\u00fcr den neuen Andechser, seine Mitarbeiter und G\u00e4ste\" class=\"wp-image-444\" srcset=\"https:\/\/www.andechser-am-dom.de\/en\/wp-content\/uploads\/sites\/2\/2022\/08\/GroessenaenderungDSC03933-1024x683.jpg 1024w, https:\/\/www.andechser-am-dom.de\/en\/wp-content\/uploads\/sites\/2\/2022\/08\/GroessenaenderungDSC03933-300x200.jpg 300w, https:\/\/www.andechser-am-dom.de\/en\/wp-content\/uploads\/sites\/2\/2022\/08\/GroessenaenderungDSC03933-768x512.jpg 768w, https:\/\/www.andechser-am-dom.de\/en\/wp-content\/uploads\/sites\/2\/2022\/08\/GroessenaenderungDSC03933-1536x1024.jpg 1536w, https:\/\/www.andechser-am-dom.de\/en\/wp-content\/uploads\/sites\/2\/2022\/08\/GroessenaenderungDSC03933-2048x1365.jpg 2048w\" sizes=\"auto, (max-width: 1024px) 100vw, 1024px\" \/><\/a><figcaption>Segen f\u00fcr den neuen Andechser, seine Mitarbeiter und G\u00e4ste<\/figcaption><\/figure>\n\n\n\n<figure class=\"wp-block-image size-large\"><a href=\"https:\/\/www.andechser-am-dom.de\/en\/wp-content\/uploads\/sites\/2\/2022\/08\/GroessenaenderungDSC03848-scaled.jpg\"><img loading=\"lazy\" decoding=\"async\" width=\"1024\" height=\"683\" data-id=\"440\" src=\"https:\/\/www.andechser-am-dom.de\/en\/wp-content\/uploads\/sites\/2\/2022\/08\/GroessenaenderungDSC03848-1024x683.jpg\" alt=\"Froh, dass der Andechser am Dom wieder ge\u00f6ffnet hat: Pater Valentin Ziegler, Sepp Kr\u00e4tz, Tina Kr\u00e4tz, Abt Johannes Eckert und Frater Emmanuel Rotter (v.l.n.r.).\" class=\"wp-image-440\" srcset=\"https:\/\/www.andechser-am-dom.de\/en\/wp-content\/uploads\/sites\/2\/2022\/08\/GroessenaenderungDSC03848-1024x683.jpg 1024w, https:\/\/www.andechser-am-dom.de\/en\/wp-content\/uploads\/sites\/2\/2022\/08\/GroessenaenderungDSC03848-300x200.jpg 300w, https:\/\/www.andechser-am-dom.de\/en\/wp-content\/uploads\/sites\/2\/2022\/08\/GroessenaenderungDSC03848-768x512.jpg 768w, https:\/\/www.andechser-am-dom.de\/en\/wp-content\/uploads\/sites\/2\/2022\/08\/GroessenaenderungDSC03848-1536x1024.jpg 1536w, https:\/\/www.andechser-am-dom.de\/en\/wp-content\/uploads\/sites\/2\/2022\/08\/GroessenaenderungDSC03848-2048x1365.jpg 2048w\" sizes=\"auto, (max-width: 1024px) 100vw, 1024px\" \/><\/a><figcaption>Froh, dass der Andechser am Dom wieder ge\u00f6ffnet hat: Pater Valentin Ziegler, Sepp Kr\u00e4tz, Tina Kr\u00e4tz, Abt Johannes Eckert und Frater Emmanuel Rotter (v.l.n.r.).<\/figcaption><\/figure>\n\n\n\n<figure class=\"wp-block-image size-large\"><a href=\"https:\/\/www.andechser-am-dom.de\/en\/wp-content\/uploads\/sites\/2\/2022\/08\/GroessenaenderungDSC03945-scaled.jpg\"><img loading=\"lazy\" decoding=\"async\" width=\"1024\" height=\"683\" data-id=\"438\" src=\"https:\/\/www.andechser-am-dom.de\/en\/wp-content\/uploads\/sites\/2\/2022\/08\/GroessenaenderungDSC03945-1024x683.jpg\" alt=\"Besondere Buchgeschenke f\u00fcr Wirtin Stefanie Kr\u00e4tz und Sepp Kr\u00e4tz\" class=\"wp-image-438\" srcset=\"https:\/\/www.andechser-am-dom.de\/en\/wp-content\/uploads\/sites\/2\/2022\/08\/GroessenaenderungDSC03945-1024x683.jpg 1024w, https:\/\/www.andechser-am-dom.de\/en\/wp-content\/uploads\/sites\/2\/2022\/08\/GroessenaenderungDSC03945-300x200.jpg 300w, https:\/\/www.andechser-am-dom.de\/en\/wp-content\/uploads\/sites\/2\/2022\/08\/GroessenaenderungDSC03945-768x512.jpg 768w, https:\/\/www.andechser-am-dom.de\/en\/wp-content\/uploads\/sites\/2\/2022\/08\/GroessenaenderungDSC03945-1536x1024.jpg 1536w, https:\/\/www.andechser-am-dom.de\/en\/wp-content\/uploads\/sites\/2\/2022\/08\/GroessenaenderungDSC03945-2048x1365.jpg 2048w\" sizes=\"auto, (max-width: 1024px) 100vw, 1024px\" \/><\/a><figcaption>Besondere Buchgeschenke f\u00fcr Wirtin Stefanie Kr\u00e4tz und Sepp Kr\u00e4tz<\/figcaption><\/figure>\n\n\n\n<figure class=\"wp-block-image size-large\"><a href=\"https:\/\/www.andechser-am-dom.de\/en\/wp-content\/uploads\/sites\/2\/2022\/08\/GroessenaenderungDSC03978-scaled.jpg\"><img loading=\"lazy\" decoding=\"async\" width=\"1024\" height=\"683\" data-id=\"437\" src=\"https:\/\/www.andechser-am-dom.de\/en\/wp-content\/uploads\/sites\/2\/2022\/08\/GroessenaenderungDSC03978-1024x683.jpg\" alt=\"Feiern eine gelungene Wiederer\u00f6ffnung: Sepp Kr\u00e4tz, Christian Rieger, Wolfgang Sch\u00e4ff, Stefanie Kr\u00e4tz, Abt Johannes Eckert und Julia Kr\u00e4tz (v.l.n.r.).\" class=\"wp-image-437\" srcset=\"https:\/\/www.andechser-am-dom.de\/en\/wp-content\/uploads\/sites\/2\/2022\/08\/GroessenaenderungDSC03978-1024x683.jpg 1024w, https:\/\/www.andechser-am-dom.de\/en\/wp-content\/uploads\/sites\/2\/2022\/08\/GroessenaenderungDSC03978-300x200.jpg 300w, https:\/\/www.andechser-am-dom.de\/en\/wp-content\/uploads\/sites\/2\/2022\/08\/GroessenaenderungDSC03978-768x512.jpg 768w, https:\/\/www.andechser-am-dom.de\/en\/wp-content\/uploads\/sites\/2\/2022\/08\/GroessenaenderungDSC03978-1536x1024.jpg 1536w, https:\/\/www.andechser-am-dom.de\/en\/wp-content\/uploads\/sites\/2\/2022\/08\/GroessenaenderungDSC03978-2048x1365.jpg 2048w\" sizes=\"auto, (max-width: 1024px) 100vw, 1024px\" \/><\/a><figcaption>Feiern eine gelungene Wiederer\u00f6ffnung: Sepp Kr\u00e4tz, Christian Rieger, Wolfgang Sch\u00e4ff, Stefanie Kr\u00e4tz, Abt Johannes Eckert und Julia Kr\u00e4tz (v.l.n.r.).<\/figcaption><\/figure>\n\n\n\n<figure class=\"wp-block-image size-large\"><a href=\"https:\/\/www.andechser-am-dom.de\/en\/wp-content\/uploads\/sites\/2\/2022\/08\/GroessenaenderungDSC_3082-scaled.jpg\"><img loading=\"lazy\" decoding=\"async\" width=\"683\" height=\"1024\" data-id=\"443\" src=\"https:\/\/www.andechser-am-dom.de\/en\/wp-content\/uploads\/sites\/2\/2022\/08\/GroessenaenderungDSC_3082-683x1024.jpg\" alt=\"Die Guss-Putte - jetzt erg\u00e4nzt um einen leuchtenden Heiligenschein - hat schon Generationen von G\u00e4sten im alten Andechser fr\u00f6hlich zugeprostet.\" class=\"wp-image-443\" srcset=\"https:\/\/www.andechser-am-dom.de\/en\/wp-content\/uploads\/sites\/2\/2022\/08\/GroessenaenderungDSC_3082-683x1024.jpg 683w, https:\/\/www.andechser-am-dom.de\/en\/wp-content\/uploads\/sites\/2\/2022\/08\/GroessenaenderungDSC_3082-200x300.jpg 200w, https:\/\/www.andechser-am-dom.de\/en\/wp-content\/uploads\/sites\/2\/2022\/08\/GroessenaenderungDSC_3082-768x1151.jpg 768w, https:\/\/www.andechser-am-dom.de\/en\/wp-content\/uploads\/sites\/2\/2022\/08\/GroessenaenderungDSC_3082-1025x1536.jpg 1025w, https:\/\/www.andechser-am-dom.de\/en\/wp-content\/uploads\/sites\/2\/2022\/08\/GroessenaenderungDSC_3082-1367x2048.jpg 1367w, https:\/\/www.andechser-am-dom.de\/en\/wp-content\/uploads\/sites\/2\/2022\/08\/GroessenaenderungDSC_3082-scaled.jpg 1709w\" sizes=\"auto, (max-width: 683px) 100vw, 683px\" \/><\/a><figcaption>Die Guss-Putte &#8211; jetzt erg\u00e4nzt um einen leuchtenden Heiligenschein &#8211; hat schon Generationen von G\u00e4sten im alten Andechser fr\u00f6hlich zugeprostet.<\/figcaption><\/figure>\n\n\n\n<figure class=\"wp-block-image size-large\"><a href=\"https:\/\/www.andechser-am-dom.de\/en\/wp-content\/uploads\/sites\/2\/2022\/08\/GroessenaenderungDSC_3100-scaled.jpg\"><img loading=\"lazy\" decoding=\"async\" width=\"1024\" height=\"683\" data-id=\"442\" src=\"https:\/\/www.andechser-am-dom.de\/en\/wp-content\/uploads\/sites\/2\/2022\/08\/GroessenaenderungDSC_3100-1024x683.jpg\" alt=\"Lieb gewonnene Eigenheiten des alten Andechsers wurden in die neue \u201ehimmlische Wirtschaft\u201c integriert \u2026 und mit frischen Designideen aufgewertet.\" class=\"wp-image-442\" srcset=\"https:\/\/www.andechser-am-dom.de\/en\/wp-content\/uploads\/sites\/2\/2022\/08\/GroessenaenderungDSC_3100-1024x683.jpg 1024w, https:\/\/www.andechser-am-dom.de\/en\/wp-content\/uploads\/sites\/2\/2022\/08\/GroessenaenderungDSC_3100-300x200.jpg 300w, https:\/\/www.andechser-am-dom.de\/en\/wp-content\/uploads\/sites\/2\/2022\/08\/GroessenaenderungDSC_3100-768x513.jpg 768w, https:\/\/www.andechser-am-dom.de\/en\/wp-content\/uploads\/sites\/2\/2022\/08\/GroessenaenderungDSC_3100-1536x1025.jpg 1536w, https:\/\/www.andechser-am-dom.de\/en\/wp-content\/uploads\/sites\/2\/2022\/08\/GroessenaenderungDSC_3100-2048x1367.jpg 2048w\" sizes=\"auto, (max-width: 1024px) 100vw, 1024px\" \/><\/a><figcaption>Lieb gewonnene Eigenheiten des alten Andechsers wurden in die neue \u201ehimmlische Wirtschaft\u201c integriert \u2026 und mit frischen Designideen aufgewertet.<\/figcaption><\/figure>\n\n\n\n<figure class=\"wp-block-image size-large\"><a href=\"https:\/\/www.andechser-am-dom.de\/en\/wp-content\/uploads\/sites\/2\/2022\/08\/Groessenaenderung20181017_124745.jpg\"><img loading=\"lazy\" decoding=\"async\" width=\"1024\" height=\"576\" data-id=\"448\" src=\"https:\/\/www.andechser-am-dom.de\/en\/wp-content\/uploads\/sites\/2\/2022\/08\/Groessenaenderung20181017_124745-1024x576.jpg\" alt=\"Dem Dom noch ein St\u00fcckchen n\u00e4her ger\u00fcckt: der Andechser am Frauenplatz 7.\" class=\"wp-image-448\" srcset=\"https:\/\/www.andechser-am-dom.de\/en\/wp-content\/uploads\/sites\/2\/2022\/08\/Groessenaenderung20181017_124745-1024x576.jpg 1024w, https:\/\/www.andechser-am-dom.de\/en\/wp-content\/uploads\/sites\/2\/2022\/08\/Groessenaenderung20181017_124745-300x169.jpg 300w, https:\/\/www.andechser-am-dom.de\/en\/wp-content\/uploads\/sites\/2\/2022\/08\/Groessenaenderung20181017_124745-768x432.jpg 768w, https:\/\/www.andechser-am-dom.de\/en\/wp-content\/uploads\/sites\/2\/2022\/08\/Groessenaenderung20181017_124745-1536x864.jpg 1536w, https:\/\/www.andechser-am-dom.de\/en\/wp-content\/uploads\/sites\/2\/2022\/08\/Groessenaenderung20181017_124745-800x450.jpg 800w, https:\/\/www.andechser-am-dom.de\/en\/wp-content\/uploads\/sites\/2\/2022\/08\/Groessenaenderung20181017_124745.jpg 2016w\" sizes=\"auto, (max-width: 1024px) 100vw, 1024px\" \/><\/a><figcaption>Dem Dom noch ein St\u00fcckchen n\u00e4her ger\u00fcckt: der Andechser am Frauenplatz 7.<\/figcaption><\/figure>\n\n\n\n<figure class=\"wp-block-image size-large\"><a href=\"https:\/\/www.andechser-am-dom.de\/en\/wp-content\/uploads\/sites\/2\/2022\/08\/DSC07197.jpg\"><img loading=\"lazy\" decoding=\"async\" width=\"1024\" height=\"682\" data-id=\"439\" src=\"https:\/\/www.andechser-am-dom.de\/en\/wp-content\/uploads\/sites\/2\/2022\/08\/DSC07197-1024x682.jpg\" alt=\"Andechser am Dom Er\u00f6ffnung\" class=\"wp-image-439\" srcset=\"https:\/\/www.andechser-am-dom.de\/en\/wp-content\/uploads\/sites\/2\/2022\/08\/DSC07197-1024x682.jpg 1024w, https:\/\/www.andechser-am-dom.de\/en\/wp-content\/uploads\/sites\/2\/2022\/08\/DSC07197-300x200.jpg 300w, https:\/\/www.andechser-am-dom.de\/en\/wp-content\/uploads\/sites\/2\/2022\/08\/DSC07197-768x512.jpg 768w, https:\/\/www.andechser-am-dom.de\/en\/wp-content\/uploads\/sites\/2\/2022\/08\/DSC07197.jpg 1100w\" sizes=\"auto, (max-width: 1024px) 100vw, 1024px\" \/><\/a><figcaption>Andechser am Dom Er\u00f6ffnung<\/figcaption><\/figure>\n\n\n\n<figure class=\"wp-block-image size-large\"><a href=\"https:\/\/www.andechser-am-dom.de\/en\/wp-content\/uploads\/sites\/2\/2022\/08\/DSC07375.jpg\"><img loading=\"lazy\" decoding=\"async\" width=\"1024\" height=\"682\" data-id=\"436\" src=\"https:\/\/www.andechser-am-dom.de\/en\/wp-content\/uploads\/sites\/2\/2022\/08\/DSC07375-1024x682.jpg\" alt=\"Andechser am Dom Er\u00f6ffnung\" class=\"wp-image-436\" srcset=\"https:\/\/www.andechser-am-dom.de\/en\/wp-content\/uploads\/sites\/2\/2022\/08\/DSC07375-1024x682.jpg 1024w, https:\/\/www.andechser-am-dom.de\/en\/wp-content\/uploads\/sites\/2\/2022\/08\/DSC07375-300x200.jpg 300w, https:\/\/www.andechser-am-dom.de\/en\/wp-content\/uploads\/sites\/2\/2022\/08\/DSC07375-768x512.jpg 768w, https:\/\/www.andechser-am-dom.de\/en\/wp-content\/uploads\/sites\/2\/2022\/08\/DSC07375.jpg 1100w\" sizes=\"auto, (max-width: 1024px) 100vw, 1024px\" \/><\/a><figcaption>Andechser am Dom Er\u00f6ffnung<\/figcaption><\/figure>\n\n\n\n<figure class=\"wp-block-image size-large\"><a href=\"https:\/\/www.andechser-am-dom.de\/en\/wp-content\/uploads\/sites\/2\/2022\/08\/DSC07464.jpg\"><img loading=\"lazy\" decoding=\"async\" width=\"1024\" height=\"682\" data-id=\"435\" src=\"https:\/\/www.andechser-am-dom.de\/en\/wp-content\/uploads\/sites\/2\/2022\/08\/DSC07464-1024x682.jpg\" alt=\"Andechser am Dom Er\u00f6ffnung\" class=\"wp-image-435\" srcset=\"https:\/\/www.andechser-am-dom.de\/en\/wp-content\/uploads\/sites\/2\/2022\/08\/DSC07464-1024x682.jpg 1024w, https:\/\/www.andechser-am-dom.de\/en\/wp-content\/uploads\/sites\/2\/2022\/08\/DSC07464-300x200.jpg 300w, https:\/\/www.andechser-am-dom.de\/en\/wp-content\/uploads\/sites\/2\/2022\/08\/DSC07464-768x512.jpg 768w, https:\/\/www.andechser-am-dom.de\/en\/wp-content\/uploads\/sites\/2\/2022\/08\/DSC07464.jpg 1100w\" sizes=\"auto, (max-width: 1024px) 100vw, 1024px\" \/><\/a><figcaption>Andechser am Dom Er\u00f6ffnung<\/figcaption><\/figure>\n\n\n\n<figure class=\"wp-block-image size-large\"><a href=\"https:\/\/www.andechser-am-dom.de\/en\/wp-content\/uploads\/sites\/2\/2022\/08\/DSC07477.jpg\"><img loading=\"lazy\" decoding=\"async\" width=\"1024\" height=\"682\" data-id=\"434\" src=\"https:\/\/www.andechser-am-dom.de\/en\/wp-content\/uploads\/sites\/2\/2022\/08\/DSC07477-1024x682.jpg\" alt=\"Andechser am Dom Er\u00f6ffnung\" class=\"wp-image-434\" srcset=\"https:\/\/www.andechser-am-dom.de\/en\/wp-content\/uploads\/sites\/2\/2022\/08\/DSC07477-1024x682.jpg 1024w, https:\/\/www.andechser-am-dom.de\/en\/wp-content\/uploads\/sites\/2\/2022\/08\/DSC07477-300x200.jpg 300w, https:\/\/www.andechser-am-dom.de\/en\/wp-content\/uploads\/sites\/2\/2022\/08\/DSC07477-768x512.jpg 768w, https:\/\/www.andechser-am-dom.de\/en\/wp-content\/uploads\/sites\/2\/2022\/08\/DSC07477.jpg 1100w\" sizes=\"auto, (max-width: 1024px) 100vw, 1024px\" \/><\/a><figcaption>Andechser am Dom Er\u00f6ffnung<\/figcaption><\/figure>\n\n\n\n<figure class=\"wp-block-image size-large\"><a href=\"https:\/\/www.andechser-am-dom.de\/en\/wp-content\/uploads\/sites\/2\/2022\/08\/DSC07494.jpg\"><img loading=\"lazy\" decoding=\"async\" width=\"1024\" height=\"682\" data-id=\"433\" src=\"https:\/\/www.andechser-am-dom.de\/en\/wp-content\/uploads\/sites\/2\/2022\/08\/DSC07494-1024x682.jpg\" alt=\"Andechser am Dom Er\u00f6ffnung\" class=\"wp-image-433\" srcset=\"https:\/\/www.andechser-am-dom.de\/en\/wp-content\/uploads\/sites\/2\/2022\/08\/DSC07494-1024x682.jpg 1024w, https:\/\/www.andechser-am-dom.de\/en\/wp-content\/uploads\/sites\/2\/2022\/08\/DSC07494-300x200.jpg 300w, https:\/\/www.andechser-am-dom.de\/en\/wp-content\/uploads\/sites\/2\/2022\/08\/DSC07494-768x512.jpg 768w, https:\/\/www.andechser-am-dom.de\/en\/wp-content\/uploads\/sites\/2\/2022\/08\/DSC07494.jpg 1100w\" sizes=\"auto, (max-width: 1024px) 100vw, 1024px\" \/><\/a><figcaption>Andechser am Dom Er\u00f6ffnung<\/figcaption><\/figure>\n\n\n\n<figure class=\"wp-block-image size-large\"><a href=\"https:\/\/www.andechser-am-dom.de\/en\/wp-content\/uploads\/sites\/2\/2022\/08\/DSC07943.jpg\"><img loading=\"lazy\" decoding=\"async\" width=\"1024\" height=\"682\" data-id=\"432\" src=\"https:\/\/www.andechser-am-dom.de\/en\/wp-content\/uploads\/sites\/2\/2022\/08\/DSC07943-1024x682.jpg\" alt=\"Andechser am Dom Er\u00f6ffnung\" class=\"wp-image-432\" srcset=\"https:\/\/www.andechser-am-dom.de\/en\/wp-content\/uploads\/sites\/2\/2022\/08\/DSC07943-1024x682.jpg 1024w, https:\/\/www.andechser-am-dom.de\/en\/wp-content\/uploads\/sites\/2\/2022\/08\/DSC07943-300x200.jpg 300w, https:\/\/www.andechser-am-dom.de\/en\/wp-content\/uploads\/sites\/2\/2022\/08\/DSC07943-768x512.jpg 768w, https:\/\/www.andechser-am-dom.de\/en\/wp-content\/uploads\/sites\/2\/2022\/08\/DSC07943.jpg 1100w\" sizes=\"auto, (max-width: 1024px) 100vw, 1024px\" \/><\/a><figcaption>Andechser am Dom Er\u00f6ffnung<\/figcaption><\/figure>\n\n\n\n<figure class=\"wp-block-image size-large\"><a href=\"https:\/\/www.andechser-am-dom.de\/en\/wp-content\/uploads\/sites\/2\/2022\/08\/DSC07212.jpg\"><img loading=\"lazy\" decoding=\"async\" width=\"1024\" height=\"682\" data-id=\"431\" src=\"https:\/\/www.andechser-am-dom.de\/en\/wp-content\/uploads\/sites\/2\/2022\/08\/DSC07212-1024x682.jpg\" alt=\"Andechser am Dom Er\u00f6ffnung\" class=\"wp-image-431\" srcset=\"https:\/\/www.andechser-am-dom.de\/en\/wp-content\/uploads\/sites\/2\/2022\/08\/DSC07212-1024x682.jpg 1024w, https:\/\/www.andechser-am-dom.de\/en\/wp-content\/uploads\/sites\/2\/2022\/08\/DSC07212-300x200.jpg 300w, https:\/\/www.andechser-am-dom.de\/en\/wp-content\/uploads\/sites\/2\/2022\/08\/DSC07212-768x512.jpg 768w, https:\/\/www.andechser-am-dom.de\/en\/wp-content\/uploads\/sites\/2\/2022\/08\/DSC07212.jpg 1100w\" sizes=\"auto, (max-width: 1024px) 100vw, 1024px\" \/><\/a><figcaption>Andechser am Dom Er\u00f6ffnung<\/figcaption><\/figure>\n\n\n\n<figure class=\"wp-block-image size-medium\"><a href=\"https:\/\/www.andechser-am-dom.de\/en\/wp-content\/uploads\/sites\/2\/2022\/08\/DSC07229.jpg\"><img loading=\"lazy\" decoding=\"async\" width=\"200\" height=\"300\" data-id=\"430\" src=\"https:\/\/www.andechser-am-dom.de\/en\/wp-content\/uploads\/sites\/2\/2022\/08\/DSC07229-200x300.jpg\" alt=\"Andechser am Dom Er\u00f6ffnung\" class=\"wp-image-430\" srcset=\"https:\/\/www.andechser-am-dom.de\/en\/wp-content\/uploads\/sites\/2\/2022\/08\/DSC07229-200x300.jpg 200w, https:\/\/www.andechser-am-dom.de\/en\/wp-content\/uploads\/sites\/2\/2022\/08\/DSC07229.jpg 600w\" sizes=\"auto, (max-width: 200px) 100vw, 200px\" \/><\/a><figcaption>Andechser am Dom Er\u00f6ffnung<\/figcaption><\/figure>\n\n\n\n<figure class=\"wp-block-image size-large\"><a href=\"https:\/\/www.andechser-am-dom.de\/en\/wp-content\/uploads\/sites\/2\/2022\/08\/DSC07294-1.jpg\"><img loading=\"lazy\" decoding=\"async\" width=\"1024\" height=\"682\" data-id=\"429\" src=\"https:\/\/www.andechser-am-dom.de\/en\/wp-content\/uploads\/sites\/2\/2022\/08\/DSC07294-1-1024x682.jpg\" alt=\"Andechser am Dom Er\u00f6ffnung\" class=\"wp-image-429\" srcset=\"https:\/\/www.andechser-am-dom.de\/en\/wp-content\/uploads\/sites\/2\/2022\/08\/DSC07294-1-1024x682.jpg 1024w, https:\/\/www.andechser-am-dom.de\/en\/wp-content\/uploads\/sites\/2\/2022\/08\/DSC07294-1-300x200.jpg 300w, https:\/\/www.andechser-am-dom.de\/en\/wp-content\/uploads\/sites\/2\/2022\/08\/DSC07294-1-768x512.jpg 768w, https:\/\/www.andechser-am-dom.de\/en\/wp-content\/uploads\/sites\/2\/2022\/08\/DSC07294-1.jpg 1100w\" sizes=\"auto, (max-width: 1024px) 100vw, 1024px\" \/><\/a><figcaption>Andechser am Dom Er\u00f6ffnung<\/figcaption><\/figure>\n\n\n\n<figure class=\"wp-block-image size-large\"><a href=\"https:\/\/www.andechser-am-dom.de\/en\/wp-content\/uploads\/sites\/2\/2022\/08\/DSC07700.jpg\"><img loading=\"lazy\" decoding=\"async\" width=\"1024\" height=\"682\" data-id=\"428\" src=\"https:\/\/www.andechser-am-dom.de\/en\/wp-content\/uploads\/sites\/2\/2022\/08\/DSC07700-1024x682.jpg\" alt=\"Andechser am Dom Er\u00f6ffnung\" class=\"wp-image-428\" srcset=\"https:\/\/www.andechser-am-dom.de\/en\/wp-content\/uploads\/sites\/2\/2022\/08\/DSC07700-1024x682.jpg 1024w, https:\/\/www.andechser-am-dom.de\/en\/wp-content\/uploads\/sites\/2\/2022\/08\/DSC07700-300x200.jpg 300w, https:\/\/www.andechser-am-dom.de\/en\/wp-content\/uploads\/sites\/2\/2022\/08\/DSC07700-768x512.jpg 768w, https:\/\/www.andechser-am-dom.de\/en\/wp-content\/uploads\/sites\/2\/2022\/08\/DSC07700.jpg 1100w\" sizes=\"auto, (max-width: 1024px) 100vw, 1024px\" \/><\/a><figcaption>Andechser am Dom Er\u00f6ffnung<\/figcaption><\/figure>\n\n\n\n<figure class=\"wp-block-image size-large\"><a href=\"https:\/\/www.andechser-am-dom.de\/en\/wp-content\/uploads\/sites\/2\/2022\/08\/DSC07818.jpg\"><img loading=\"lazy\" decoding=\"async\" width=\"1024\" height=\"682\" data-id=\"427\" src=\"https:\/\/www.andechser-am-dom.de\/en\/wp-content\/uploads\/sites\/2\/2022\/08\/DSC07818-1024x682.jpg\" alt=\"Andechser am Dom Er\u00f6ffnung\" class=\"wp-image-427\" srcset=\"https:\/\/www.andechser-am-dom.de\/en\/wp-content\/uploads\/sites\/2\/2022\/08\/DSC07818-1024x682.jpg 1024w, https:\/\/www.andechser-am-dom.de\/en\/wp-content\/uploads\/sites\/2\/2022\/08\/DSC07818-300x200.jpg 300w, https:\/\/www.andechser-am-dom.de\/en\/wp-content\/uploads\/sites\/2\/2022\/08\/DSC07818-768x512.jpg 768w, https:\/\/www.andechser-am-dom.de\/en\/wp-content\/uploads\/sites\/2\/2022\/08\/DSC07818.jpg 1100w\" sizes=\"auto, (max-width: 1024px) 100vw, 1024px\" \/><\/a><figcaption>Andechser am Dom Er\u00f6ffnung<\/figcaption><\/figure>\n\n\n\n<figure class=\"wp-block-image size-large\"><a href=\"https:\/\/www.andechser-am-dom.de\/en\/wp-content\/uploads\/sites\/2\/2022\/08\/DSC07822.jpg\"><img loading=\"lazy\" decoding=\"async\" width=\"1024\" height=\"682\" data-id=\"426\" src=\"https:\/\/www.andechser-am-dom.de\/en\/wp-content\/uploads\/sites\/2\/2022\/08\/DSC07822-1024x682.jpg\" alt=\"Andechser am Dom Er\u00f6ffnung\" class=\"wp-image-426\" srcset=\"https:\/\/www.andechser-am-dom.de\/en\/wp-content\/uploads\/sites\/2\/2022\/08\/DSC07822-1024x682.jpg 1024w, https:\/\/www.andechser-am-dom.de\/en\/wp-content\/uploads\/sites\/2\/2022\/08\/DSC07822-300x200.jpg 300w, https:\/\/www.andechser-am-dom.de\/en\/wp-content\/uploads\/sites\/2\/2022\/08\/DSC07822-768x512.jpg 768w, https:\/\/www.andechser-am-dom.de\/en\/wp-content\/uploads\/sites\/2\/2022\/08\/DSC07822.jpg 1100w\" sizes=\"auto, (max-width: 1024px) 100vw, 1024px\" \/><\/a><figcaption>Andechser am Dom Er\u00f6ffnung<\/figcaption><\/figure>\n\n\n\n<figure class=\"wp-block-image size-large\"><a href=\"https:\/\/www.andechser-am-dom.de\/en\/wp-content\/uploads\/sites\/2\/2022\/08\/DSC07907.jpg\"><img loading=\"lazy\" decoding=\"async\" width=\"1024\" height=\"682\" data-id=\"425\" src=\"https:\/\/www.andechser-am-dom.de\/en\/wp-content\/uploads\/sites\/2\/2022\/08\/DSC07907-1024x682.jpg\" alt=\"Andechser am Dom Er\u00f6ffnung\" class=\"wp-image-425\" srcset=\"https:\/\/www.andechser-am-dom.de\/en\/wp-content\/uploads\/sites\/2\/2022\/08\/DSC07907-1024x682.jpg 1024w, https:\/\/www.andechser-am-dom.de\/en\/wp-content\/uploads\/sites\/2\/2022\/08\/DSC07907-300x200.jpg 300w, https:\/\/www.andechser-am-dom.de\/en\/wp-content\/uploads\/sites\/2\/2022\/08\/DSC07907-768x512.jpg 768w, https:\/\/www.andechser-am-dom.de\/en\/wp-content\/uploads\/sites\/2\/2022\/08\/DSC07907.jpg 1100w\" sizes=\"auto, (max-width: 1024px) 100vw, 1024px\" \/><\/a><figcaption>Andechser am Dom Er\u00f6ffnung<\/figcaption><\/figure>\n\n\n\n<figure class=\"wp-block-image size-large\"><a href=\"https:\/\/www.andechser-am-dom.de\/en\/wp-content\/uploads\/sites\/2\/2022\/08\/DSC05873.jpg\"><img loading=\"lazy\" decoding=\"async\" width=\"1024\" height=\"682\" data-id=\"424\" src=\"https:\/\/www.andechser-am-dom.de\/en\/wp-content\/uploads\/sites\/2\/2022\/08\/DSC05873-1024x682.jpg\" alt=\"Andechser am Dom Er\u00f6ffnung\" class=\"wp-image-424\" srcset=\"https:\/\/www.andechser-am-dom.de\/en\/wp-content\/uploads\/sites\/2\/2022\/08\/DSC05873-1024x682.jpg 1024w, https:\/\/www.andechser-am-dom.de\/en\/wp-content\/uploads\/sites\/2\/2022\/08\/DSC05873-300x200.jpg 300w, https:\/\/www.andechser-am-dom.de\/en\/wp-content\/uploads\/sites\/2\/2022\/08\/DSC05873-768x512.jpg 768w, https:\/\/www.andechser-am-dom.de\/en\/wp-content\/uploads\/sites\/2\/2022\/08\/DSC05873.jpg 1100w\" sizes=\"auto, (max-width: 1024px) 100vw, 1024px\" \/><\/a><figcaption>Andechser am Dom Er\u00f6ffnung<\/figcaption><\/figure>\n\n\n\n<figure class=\"wp-block-image size-large\"><a href=\"https:\/\/www.andechser-am-dom.de\/en\/wp-content\/uploads\/sites\/2\/2022\/08\/DSC05940.jpg\"><img loading=\"lazy\" decoding=\"async\" width=\"1024\" height=\"682\" data-id=\"423\" src=\"https:\/\/www.andechser-am-dom.de\/en\/wp-content\/uploads\/sites\/2\/2022\/08\/DSC05940-1024x682.jpg\" alt=\"Andechser am Dom Er\u00f6ffnung\" class=\"wp-image-423\" srcset=\"https:\/\/www.andechser-am-dom.de\/en\/wp-content\/uploads\/sites\/2\/2022\/08\/DSC05940-1024x682.jpg 1024w, https:\/\/www.andechser-am-dom.de\/en\/wp-content\/uploads\/sites\/2\/2022\/08\/DSC05940-300x200.jpg 300w, https:\/\/www.andechser-am-dom.de\/en\/wp-content\/uploads\/sites\/2\/2022\/08\/DSC05940-768x512.jpg 768w, https:\/\/www.andechser-am-dom.de\/en\/wp-content\/uploads\/sites\/2\/2022\/08\/DSC05940.jpg 1100w\" sizes=\"auto, (max-width: 1024px) 100vw, 1024px\" \/><\/a><figcaption>Andechser am Dom Er\u00f6ffnung<\/figcaption><\/figure>\n\n\n\n<figure class=\"wp-block-image size-large\"><a href=\"https:\/\/www.andechser-am-dom.de\/en\/wp-content\/uploads\/sites\/2\/2022\/08\/DSC05975.jpg\"><img loading=\"lazy\" decoding=\"async\" width=\"1024\" height=\"682\" data-id=\"422\" src=\"https:\/\/www.andechser-am-dom.de\/en\/wp-content\/uploads\/sites\/2\/2022\/08\/DSC05975-1024x682.jpg\" alt=\"Andechser am Dom Er\u00f6ffnung\" class=\"wp-image-422\" srcset=\"https:\/\/www.andechser-am-dom.de\/en\/wp-content\/uploads\/sites\/2\/2022\/08\/DSC05975-1024x682.jpg 1024w, https:\/\/www.andechser-am-dom.de\/en\/wp-content\/uploads\/sites\/2\/2022\/08\/DSC05975-300x200.jpg 300w, https:\/\/www.andechser-am-dom.de\/en\/wp-content\/uploads\/sites\/2\/2022\/08\/DSC05975-768x512.jpg 768w, https:\/\/www.andechser-am-dom.de\/en\/wp-content\/uploads\/sites\/2\/2022\/08\/DSC05975.jpg 1100w\" sizes=\"auto, (max-width: 1024px) 100vw, 1024px\" \/><\/a><figcaption>Andechser am Dom Er\u00f6ffnung<\/figcaption><\/figure>\n\n\n\n<figure class=\"wp-block-image size-large\"><a href=\"https:\/\/www.andechser-am-dom.de\/en\/wp-content\/uploads\/sites\/2\/2022\/08\/DSC07620.jpg\"><img loading=\"lazy\" decoding=\"async\" width=\"1024\" height=\"682\" data-id=\"421\" src=\"https:\/\/www.andechser-am-dom.de\/en\/wp-content\/uploads\/sites\/2\/2022\/08\/DSC07620-1024x682.jpg\" alt=\"Andechser am Dom Er\u00f6ffnung\" class=\"wp-image-421\" srcset=\"https:\/\/www.andechser-am-dom.de\/en\/wp-content\/uploads\/sites\/2\/2022\/08\/DSC07620-1024x682.jpg 1024w, https:\/\/www.andechser-am-dom.de\/en\/wp-content\/uploads\/sites\/2\/2022\/08\/DSC07620-300x200.jpg 300w, https:\/\/www.andechser-am-dom.de\/en\/wp-content\/uploads\/sites\/2\/2022\/08\/DSC07620-768x512.jpg 768w, https:\/\/www.andechser-am-dom.de\/en\/wp-content\/uploads\/sites\/2\/2022\/08\/DSC07620.jpg 1100w\" sizes=\"auto, (max-width: 1024px) 100vw, 1024px\" \/><\/a><figcaption>Andechser am Dom Er\u00f6ffnung<\/figcaption><\/figure>\n\n\n\n<figure class=\"wp-block-image size-large\"><a href=\"https:\/\/www.andechser-am-dom.de\/en\/wp-content\/uploads\/sites\/2\/2022\/08\/DSC06829.jpg\"><img loading=\"lazy\" decoding=\"async\" width=\"1024\" height=\"682\" data-id=\"420\" src=\"https:\/\/www.andechser-am-dom.de\/en\/wp-content\/uploads\/sites\/2\/2022\/08\/DSC06829-1024x682.jpg\" alt=\"Andechser am Dom Er\u00f6ffnung\" class=\"wp-image-420\" srcset=\"https:\/\/www.andechser-am-dom.de\/en\/wp-content\/uploads\/sites\/2\/2022\/08\/DSC06829-1024x682.jpg 1024w, https:\/\/www.andechser-am-dom.de\/en\/wp-content\/uploads\/sites\/2\/2022\/08\/DSC06829-300x200.jpg 300w, https:\/\/www.andechser-am-dom.de\/en\/wp-content\/uploads\/sites\/2\/2022\/08\/DSC06829-768x512.jpg 768w, https:\/\/www.andechser-am-dom.de\/en\/wp-content\/uploads\/sites\/2\/2022\/08\/DSC06829.jpg 1100w\" sizes=\"auto, (max-width: 1024px) 100vw, 1024px\" \/><\/a><figcaption>Andechser am Dom Er\u00f6ffnung<\/figcaption><\/figure>\n\n\n\n<figure class=\"wp-block-image size-large\"><a href=\"https:\/\/www.andechser-am-dom.de\/en\/wp-content\/uploads\/sites\/2\/2022\/08\/DSC07098.jpg\"><img loading=\"lazy\" decoding=\"async\" width=\"1024\" height=\"682\" data-id=\"419\" src=\"https:\/\/www.andechser-am-dom.de\/en\/wp-content\/uploads\/sites\/2\/2022\/08\/DSC07098-1024x682.jpg\" alt=\"Andechser am Dom Er\u00f6ffnung\" class=\"wp-image-419\" srcset=\"https:\/\/www.andechser-am-dom.de\/en\/wp-content\/uploads\/sites\/2\/2022\/08\/DSC07098-1024x682.jpg 1024w, https:\/\/www.andechser-am-dom.de\/en\/wp-content\/uploads\/sites\/2\/2022\/08\/DSC07098-300x200.jpg 300w, https:\/\/www.andechser-am-dom.de\/en\/wp-content\/uploads\/sites\/2\/2022\/08\/DSC07098-768x512.jpg 768w, https:\/\/www.andechser-am-dom.de\/en\/wp-content\/uploads\/sites\/2\/2022\/08\/DSC07098.jpg 1100w\" sizes=\"auto, (max-width: 1024px) 100vw, 1024px\" \/><\/a><figcaption>Andechser am Dom Er\u00f6ffnung<\/figcaption><\/figure>\n\n\n\n<figure class=\"wp-block-image size-large\"><a href=\"https:\/\/www.andechser-am-dom.de\/en\/wp-content\/uploads\/sites\/2\/2022\/08\/DSC05689.jpg\"><img loading=\"lazy\" decoding=\"async\" width=\"1024\" height=\"682\" data-id=\"418\" src=\"https:\/\/www.andechser-am-dom.de\/en\/wp-content\/uploads\/sites\/2\/2022\/08\/DSC05689-1024x682.jpg\" alt=\"Andechser am Dom Er\u00f6ffnung\" class=\"wp-image-418\" srcset=\"https:\/\/www.andechser-am-dom.de\/en\/wp-content\/uploads\/sites\/2\/2022\/08\/DSC05689-1024x682.jpg 1024w, https:\/\/www.andechser-am-dom.de\/en\/wp-content\/uploads\/sites\/2\/2022\/08\/DSC05689-300x200.jpg 300w, https:\/\/www.andechser-am-dom.de\/en\/wp-content\/uploads\/sites\/2\/2022\/08\/DSC05689-768x512.jpg 768w, https:\/\/www.andechser-am-dom.de\/en\/wp-content\/uploads\/sites\/2\/2022\/08\/DSC05689.jpg 1100w\" sizes=\"auto, (max-width: 1024px) 100vw, 1024px\" \/><\/a><figcaption>Andechser am Dom Er\u00f6ffnung<\/figcaption><\/figure>\n\n\n\n<figure class=\"wp-block-image size-large\"><a href=\"https:\/\/www.andechser-am-dom.de\/en\/wp-content\/uploads\/sites\/2\/2022\/08\/DSC05781.jpg\"><img loading=\"lazy\" decoding=\"async\" width=\"1024\" height=\"682\" data-id=\"417\" src=\"https:\/\/www.andechser-am-dom.de\/en\/wp-content\/uploads\/sites\/2\/2022\/08\/DSC05781-1024x682.jpg\" alt=\"Andechser am Dom Er\u00f6ffnung\" class=\"wp-image-417\" srcset=\"https:\/\/www.andechser-am-dom.de\/en\/wp-content\/uploads\/sites\/2\/2022\/08\/DSC05781-1024x682.jpg 1024w, https:\/\/www.andechser-am-dom.de\/en\/wp-content\/uploads\/sites\/2\/2022\/08\/DSC05781-300x200.jpg 300w, https:\/\/www.andechser-am-dom.de\/en\/wp-content\/uploads\/sites\/2\/2022\/08\/DSC05781-768x512.jpg 768w, https:\/\/www.andechser-am-dom.de\/en\/wp-content\/uploads\/sites\/2\/2022\/08\/DSC05781.jpg 1100w\" sizes=\"auto, (max-width: 1024px) 100vw, 1024px\" \/><\/a><figcaption>Andechser am Dom Er\u00f6ffnung<\/figcaption><\/figure>\n\n\n\n<figure class=\"wp-block-image size-large\"><a href=\"https:\/\/www.andechser-am-dom.de\/en\/wp-content\/uploads\/sites\/2\/2022\/08\/DSC05148.jpg\"><img loading=\"lazy\" decoding=\"async\" width=\"1024\" height=\"682\" data-id=\"416\" src=\"https:\/\/www.andechser-am-dom.de\/en\/wp-content\/uploads\/sites\/2\/2022\/08\/DSC05148-1024x682.jpg\" alt=\"Andechser am Dom Er\u00f6ffnung\" class=\"wp-image-416\" srcset=\"https:\/\/www.andechser-am-dom.de\/en\/wp-content\/uploads\/sites\/2\/2022\/08\/DSC05148-1024x682.jpg 1024w, https:\/\/www.andechser-am-dom.de\/en\/wp-content\/uploads\/sites\/2\/2022\/08\/DSC05148-300x200.jpg 300w, https:\/\/www.andechser-am-dom.de\/en\/wp-content\/uploads\/sites\/2\/2022\/08\/DSC05148-768x512.jpg 768w, https:\/\/www.andechser-am-dom.de\/en\/wp-content\/uploads\/sites\/2\/2022\/08\/DSC05148.jpg 1100w\" sizes=\"auto, (max-width: 1024px) 100vw, 1024px\" \/><\/a><figcaption>Andechser am Dom Er\u00f6ffnung<\/figcaption><\/figure>\n\n\n\n<figure class=\"wp-block-image size-large\"><a href=\"https:\/\/www.andechser-am-dom.de\/en\/wp-content\/uploads\/sites\/2\/2022\/08\/DSC05252.jpg\"><img loading=\"lazy\" decoding=\"async\" width=\"1024\" height=\"682\" data-id=\"415\" src=\"https:\/\/www.andechser-am-dom.de\/en\/wp-content\/uploads\/sites\/2\/2022\/08\/DSC05252-1024x682.jpg\" alt=\"Andechser am Dom Er\u00f6ffnung\" class=\"wp-image-415\" srcset=\"https:\/\/www.andechser-am-dom.de\/en\/wp-content\/uploads\/sites\/2\/2022\/08\/DSC05252-1024x682.jpg 1024w, https:\/\/www.andechser-am-dom.de\/en\/wp-content\/uploads\/sites\/2\/2022\/08\/DSC05252-300x200.jpg 300w, https:\/\/www.andechser-am-dom.de\/en\/wp-content\/uploads\/sites\/2\/2022\/08\/DSC05252-768x512.jpg 768w, https:\/\/www.andechser-am-dom.de\/en\/wp-content\/uploads\/sites\/2\/2022\/08\/DSC05252.jpg 1100w\" sizes=\"auto, (max-width: 1024px) 100vw, 1024px\" \/><\/a><figcaption>Andechser am Dom Er\u00f6ffnung<\/figcaption><\/figure>\n\n\n\n<figure class=\"wp-block-image size-large\"><a href=\"https:\/\/www.andechser-am-dom.de\/en\/wp-content\/uploads\/sites\/2\/2022\/08\/DSC05482.jpg\"><img loading=\"lazy\" decoding=\"async\" width=\"1024\" height=\"682\" data-id=\"414\" src=\"https:\/\/www.andechser-am-dom.de\/en\/wp-content\/uploads\/sites\/2\/2022\/08\/DSC05482-1024x682.jpg\" alt=\"Andechser am Dom Er\u00f6ffnung\" class=\"wp-image-414\" srcset=\"https:\/\/www.andechser-am-dom.de\/en\/wp-content\/uploads\/sites\/2\/2022\/08\/DSC05482-1024x682.jpg 1024w, https:\/\/www.andechser-am-dom.de\/en\/wp-content\/uploads\/sites\/2\/2022\/08\/DSC05482-300x200.jpg 300w, https:\/\/www.andechser-am-dom.de\/en\/wp-content\/uploads\/sites\/2\/2022\/08\/DSC05482-768x512.jpg 768w, https:\/\/www.andechser-am-dom.de\/en\/wp-content\/uploads\/sites\/2\/2022\/08\/DSC05482.jpg 1100w\" sizes=\"auto, (max-width: 1024px) 100vw, 1024px\" \/><\/a><figcaption>Andechser am Dom Er\u00f6ffnung<\/figcaption><\/figure>\n\n\n\n<figure class=\"wp-block-image size-large\"><a href=\"https:\/\/www.andechser-am-dom.de\/en\/wp-content\/uploads\/sites\/2\/2022\/08\/DSC06669.jpg\"><img loading=\"lazy\" decoding=\"async\" width=\"1024\" height=\"682\" data-id=\"413\" src=\"https:\/\/www.andechser-am-dom.de\/en\/wp-content\/uploads\/sites\/2\/2022\/08\/DSC06669-1024x682.jpg\" alt=\"Andechser am Dom Er\u00f6ffnung\" class=\"wp-image-413\" srcset=\"https:\/\/www.andechser-am-dom.de\/en\/wp-content\/uploads\/sites\/2\/2022\/08\/DSC06669-1024x682.jpg 1024w, https:\/\/www.andechser-am-dom.de\/en\/wp-content\/uploads\/sites\/2\/2022\/08\/DSC06669-300x200.jpg 300w, https:\/\/www.andechser-am-dom.de\/en\/wp-content\/uploads\/sites\/2\/2022\/08\/DSC06669-768x512.jpg 768w, https:\/\/www.andechser-am-dom.de\/en\/wp-content\/uploads\/sites\/2\/2022\/08\/DSC06669.jpg 1100w\" sizes=\"auto, (max-width: 1024px) 100vw, 1024px\" \/><\/a><figcaption>Andechser am Dom Er\u00f6ffnung<\/figcaption><\/figure>\n\n\n\n<figure class=\"wp-block-image size-large\"><a href=\"https:\/\/www.andechser-am-dom.de\/en\/wp-content\/uploads\/sites\/2\/2022\/08\/DSC04612.jpg\"><img loading=\"lazy\" decoding=\"async\" width=\"1024\" height=\"682\" data-id=\"412\" src=\"https:\/\/www.andechser-am-dom.de\/en\/wp-content\/uploads\/sites\/2\/2022\/08\/DSC04612-1024x682.jpg\" alt=\"Andechser am Dom Er\u00f6ffnung\" class=\"wp-image-412\" srcset=\"https:\/\/www.andechser-am-dom.de\/en\/wp-content\/uploads\/sites\/2\/2022\/08\/DSC04612-1024x682.jpg 1024w, https:\/\/www.andechser-am-dom.de\/en\/wp-content\/uploads\/sites\/2\/2022\/08\/DSC04612-300x200.jpg 300w, https:\/\/www.andechser-am-dom.de\/en\/wp-content\/uploads\/sites\/2\/2022\/08\/DSC04612-768x512.jpg 768w, https:\/\/www.andechser-am-dom.de\/en\/wp-content\/uploads\/sites\/2\/2022\/08\/DSC04612.jpg 1100w\" sizes=\"auto, (max-width: 1024px) 100vw, 1024px\" \/><\/a><figcaption>Andechser am Dom Er\u00f6ffnung<\/figcaption><\/figure>\n\n\n\n<figure class=\"wp-block-image size-large\"><a href=\"https:\/\/www.andechser-am-dom.de\/en\/wp-content\/uploads\/sites\/2\/2022\/08\/DSC04822.jpg\"><img loading=\"lazy\" decoding=\"async\" width=\"1024\" height=\"682\" data-id=\"411\" src=\"https:\/\/www.andechser-am-dom.de\/en\/wp-content\/uploads\/sites\/2\/2022\/08\/DSC04822-1024x682.jpg\" alt=\"Andechser am Dom Er\u00f6ffnung\" class=\"wp-image-411\" srcset=\"https:\/\/www.andechser-am-dom.de\/en\/wp-content\/uploads\/sites\/2\/2022\/08\/DSC04822-1024x682.jpg 1024w, https:\/\/www.andechser-am-dom.de\/en\/wp-content\/uploads\/sites\/2\/2022\/08\/DSC04822-300x200.jpg 300w, https:\/\/www.andechser-am-dom.de\/en\/wp-content\/uploads\/sites\/2\/2022\/08\/DSC04822-768x512.jpg 768w, https:\/\/www.andechser-am-dom.de\/en\/wp-content\/uploads\/sites\/2\/2022\/08\/DSC04822.jpg 1100w\" sizes=\"auto, (max-width: 1024px) 100vw, 1024px\" \/><\/a><figcaption>Andechser am Dom Er\u00f6ffnung<\/figcaption><\/figure>\n\n\n\n<figure class=\"wp-block-image size-large\"><a href=\"https:\/\/www.andechser-am-dom.de\/en\/wp-content\/uploads\/sites\/2\/2022\/08\/DSC04833.jpg\"><img loading=\"lazy\" decoding=\"async\" width=\"1024\" height=\"682\" data-id=\"410\" src=\"https:\/\/www.andechser-am-dom.de\/en\/wp-content\/uploads\/sites\/2\/2022\/08\/DSC04833-1024x682.jpg\" alt=\"Andechser am Dom Er\u00f6ffnung\" class=\"wp-image-410\" srcset=\"https:\/\/www.andechser-am-dom.de\/en\/wp-content\/uploads\/sites\/2\/2022\/08\/DSC04833-1024x682.jpg 1024w, https:\/\/www.andechser-am-dom.de\/en\/wp-content\/uploads\/sites\/2\/2022\/08\/DSC04833-300x200.jpg 300w, https:\/\/www.andechser-am-dom.de\/en\/wp-content\/uploads\/sites\/2\/2022\/08\/DSC04833-768x512.jpg 768w, https:\/\/www.andechser-am-dom.de\/en\/wp-content\/uploads\/sites\/2\/2022\/08\/DSC04833.jpg 1100w\" sizes=\"auto, (max-width: 1024px) 100vw, 1024px\" \/><\/a><figcaption>Andechser am Dom Er\u00f6ffnung<\/figcaption><\/figure>\n\n\n\n<figure class=\"wp-block-image size-large\"><a href=\"https:\/\/www.andechser-am-dom.de\/en\/wp-content\/uploads\/sites\/2\/2022\/08\/DSC05024.jpg\"><img loading=\"lazy\" decoding=\"async\" width=\"1024\" height=\"682\" data-id=\"409\" src=\"https:\/\/www.andechser-am-dom.de\/en\/wp-content\/uploads\/sites\/2\/2022\/08\/DSC05024-1024x682.jpg\" alt=\"Andechser am Dom Er\u00f6ffnung\" class=\"wp-image-409\" srcset=\"https:\/\/www.andechser-am-dom.de\/en\/wp-content\/uploads\/sites\/2\/2022\/08\/DSC05024-1024x682.jpg 1024w, https:\/\/www.andechser-am-dom.de\/en\/wp-content\/uploads\/sites\/2\/2022\/08\/DSC05024-300x200.jpg 300w, https:\/\/www.andechser-am-dom.de\/en\/wp-content\/uploads\/sites\/2\/2022\/08\/DSC05024-768x512.jpg 768w, https:\/\/www.andechser-am-dom.de\/en\/wp-content\/uploads\/sites\/2\/2022\/08\/DSC05024.jpg 1100w\" sizes=\"auto, (max-width: 1024px) 100vw, 1024px\" \/><\/a><figcaption>Andechser am Dom Er\u00f6ffnung<\/figcaption><\/figure>\n\n\n\n<figure class=\"wp-block-image size-large\"><a href=\"https:\/\/www.andechser-am-dom.de\/en\/wp-content\/uploads\/sites\/2\/2022\/08\/DSC05629.jpg\"><img loading=\"lazy\" decoding=\"async\" width=\"1024\" height=\"682\" data-id=\"408\" src=\"https:\/\/www.andechser-am-dom.de\/en\/wp-content\/uploads\/sites\/2\/2022\/08\/DSC05629-1024x682.jpg\" alt=\"Andechser am Dom Er\u00f6ffnung\" class=\"wp-image-408\" srcset=\"https:\/\/www.andechser-am-dom.de\/en\/wp-content\/uploads\/sites\/2\/2022\/08\/DSC05629-1024x682.jpg 1024w, https:\/\/www.andechser-am-dom.de\/en\/wp-content\/uploads\/sites\/2\/2022\/08\/DSC05629-300x200.jpg 300w, https:\/\/www.andechser-am-dom.de\/en\/wp-content\/uploads\/sites\/2\/2022\/08\/DSC05629-768x512.jpg 768w, https:\/\/www.andechser-am-dom.de\/en\/wp-content\/uploads\/sites\/2\/2022\/08\/DSC05629.jpg 1100w\" sizes=\"auto, (max-width: 1024px) 100vw, 1024px\" \/><\/a><figcaption>Andechser am Dom Er\u00f6ffnung<\/figcaption><\/figure>\n\n\n\n<figure class=\"wp-block-image size-medium\"><a href=\"https:\/\/www.andechser-am-dom.de\/en\/wp-content\/uploads\/sites\/2\/2022\/08\/DSC04441.jpg\"><img loading=\"lazy\" decoding=\"async\" width=\"200\" height=\"300\" data-id=\"407\" src=\"https:\/\/www.andechser-am-dom.de\/en\/wp-content\/uploads\/sites\/2\/2022\/08\/DSC04441-200x300.jpg\" alt=\"Andechser am Dom Er\u00f6ffnung\" class=\"wp-image-407\" srcset=\"https:\/\/www.andechser-am-dom.de\/en\/wp-content\/uploads\/sites\/2\/2022\/08\/DSC04441-200x300.jpg 200w, https:\/\/www.andechser-am-dom.de\/en\/wp-content\/uploads\/sites\/2\/2022\/08\/DSC04441.jpg 600w\" sizes=\"auto, (max-width: 200px) 100vw, 200px\" \/><\/a><figcaption>Andechser am Dom Er\u00f6ffnung<\/figcaption><\/figure>\n<\/figure>\n","protected":false},"excerpt":{"rendered":"","protected":false},"author":1,"featured_media":0,"parent":0,"menu_order":0,"comment_status":"closed","ping_status":"closed","template":"","meta":{"ocean_post_layout":"","ocean_both_sidebars_style":"","ocean_both_sidebars_content_width":0,"ocean_both_sidebars_sidebars_width":0,"ocean_sidebar":"0","ocean_second_sidebar":"0","ocean_disable_margins":"enable","ocean_add_body_class":"","ocean_shortcode_before_top_bar":"","ocean_shortcode_after_top_bar":"","ocean_shortcode_before_header":"","ocean_shortcode_after_header":"","ocean_has_shortcode":"","ocean_shortcode_after_title":"","ocean_shortcode_before_footer_widgets":"","ocean_shortcode_after_footer_widgets":"","ocean_shortcode_before_footer_bottom":"","ocean_shortcode_after_footer_bottom":"","ocean_display_top_bar":"default","ocean_display_header":"default","ocean_header_style":"","ocean_center_header_left_menu":"0","ocean_custom_header_template":"0","ocean_custom_logo":0,"ocean_custom_retina_logo":0,"ocean_custom_logo_max_width":0,"ocean_custom_logo_tablet_max_width":0,"ocean_custom_logo_mobile_max_width":0,"ocean_custom_logo_max_height":0,"ocean_custom_logo_tablet_max_height":0,"ocean_custom_logo_mobile_max_height":0,"ocean_header_custom_menu":"0","ocean_menu_typo_font_family":"0","ocean_menu_typo_font_subset":"","ocean_menu_typo_font_size":0,"ocean_menu_typo_font_size_tablet":0,"ocean_menu_typo_font_size_mobile":0,"ocean_menu_typo_font_size_unit":"px","ocean_menu_typo_font_weight":"","ocean_menu_typo_font_weight_tablet":"","ocean_menu_typo_font_weight_mobile":"","ocean_menu_typo_transform":"","ocean_menu_typo_transform_tablet":"","ocean_menu_typo_transform_mobile":"","ocean_menu_typo_line_height":0,"ocean_menu_typo_line_height_tablet":0,"ocean_menu_typo_line_height_mobile":0,"ocean_menu_typo_line_height_unit":"","ocean_menu_typo_spacing":0,"ocean_menu_typo_spacing_tablet":0,"ocean_menu_typo_spacing_mobile":0,"ocean_menu_typo_spacing_unit":"","ocean_menu_link_color":"","ocean_menu_link_color_hover":"","ocean_menu_link_color_active":"","ocean_menu_link_background":"","ocean_menu_link_hover_background":"","ocean_menu_link_active_background":"","ocean_menu_social_links_bg":"","ocean_menu_social_hover_links_bg":"","ocean_menu_social_links_color":"","ocean_menu_social_hover_links_color":"","ocean_disable_title":"default","ocean_disable_heading":"default","ocean_post_title":"","ocean_post_subheading":"","ocean_post_title_style":"","ocean_post_title_background_color":"","ocean_post_title_background":0,"ocean_post_title_bg_image_position":"","ocean_post_title_bg_image_attachment":"","ocean_post_title_bg_image_repeat":"","ocean_post_title_bg_image_size":"","ocean_post_title_height":0,"ocean_post_title_bg_overlay":0.5,"ocean_post_title_bg_overlay_color":"","ocean_disable_breadcrumbs":"default","ocean_breadcrumbs_color":"","ocean_breadcrumbs_separator_color":"","ocean_breadcrumbs_links_color":"","ocean_breadcrumbs_links_hover_color":"","ocean_display_footer_widgets":"default","ocean_display_footer_bottom":"default","ocean_custom_footer_template":"0","footnotes":""},"class_list":["post-446","page","type-page","status-publish","hentry","entry"],"_links":{"self":[{"href":"https:\/\/www.andechser-am-dom.de\/en\/wp-json\/wp\/v2\/pages\/446","targetHints":{"allow":["GET"]}}],"collection":[{"href":"https:\/\/www.andechser-am-dom.de\/en\/wp-json\/wp\/v2\/pages"}],"about":[{"href":"https:\/\/www.andechser-am-dom.de\/en\/wp-json\/wp\/v2\/types\/page"}],"author":[{"embeddable":true,"href":"https:\/\/www.andechser-am-dom.de\/en\/wp-json\/wp\/v2\/users\/1"}],"replies":[{"embeddable":true,"href":"https:\/\/www.andechser-am-dom.de\/en\/wp-json\/wp\/v2\/comments?post=446"}],"version-history":[{"count":10,"href":"https:\/\/www.andechser-am-dom.de\/en\/wp-json\/wp\/v2\/pages\/446\/revisions"}],"predecessor-version":[{"id":837,"href":"https:\/\/www.andechser-am-dom.de\/en\/wp-json\/wp\/v2\/pages\/446\/revisions\/837"}],"wp:attachment":[{"href":"https:\/\/www.andechser-am-dom.de\/en\/wp-json\/wp\/v2\/media?parent=446"}],"curies":[{"name":"wp","href":"https:\/\/api.w.org\/{rel}","templated":true}]}}