{"id":25,"date":"2022-08-09T09:39:35","date_gmt":"2022-08-09T09:39:35","guid":{"rendered":"https:\/\/vigilant-hawking.85-214-153-108.plesk.page\/en\/?page_id=25"},"modified":"2022-09-08T05:40:04","modified_gmt":"2022-09-08T05:40:04","slug":"andechser-biere","status":"publish","type":"page","link":"https:\/\/www.andechser-am-dom.de\/en\/andechser-biere\/","title":{"rendered":"Andechser Beer"},"content":{"rendered":"\n<div class=\"wp-block-group is-nowrap is-layout-flex wp-container-core-group-is-layout-ad2f72ca wp-block-group-is-layout-flex\">\n<div class=\"wp-block-columns mb0 is-layout-flex wp-container-core-columns-is-layout-9d6595d7 wp-block-columns-is-layout-flex\">\n<div class=\"wp-block-column is-layout-flow wp-block-column-is-layout-flow\">\n<h3 class=\"wp-block-heading\">Tradition<\/h3>\n\n\n\n<p>The served beer at the Andechser is certainly originate from the Andechs Monastery, found in 1455 \u2013 they look back on for more then 550 years in bavarian brewery tradition. The beer is exclusively produced from bavarian products as also the famous aromatic hop from \u201cHallertau\u201d.<br>The high demands of the Andechser brewery itself: quality instead of quantity.<\/p>\n\n\n\n<h3 class=\"wp-block-heading\"><br>Andechser Beer on the tap<\/h3>\n\n\n\n<p>All available Beers from the Andechers Brewery,lager, special lager, ale, wheat beer are all fresh from the tap.<br>You can take also all beers home in gift package.<\/p>\n<\/div>\n\n\n\n<div class=\"wp-block-column is-layout-flow wp-block-column-is-layout-flow\">\n<div class=\"wp-block-group is-nowrap is-layout-flex wp-container-core-group-is-layout-ad2f72ca wp-block-group-is-layout-flex\">\n<div class=\"wp-block-columns mb5 is-layout-flex wp-container-core-columns-is-layout-9d6595d7 wp-block-columns-is-layout-flex\">\n<div class=\"wp-block-column is-layout-flow wp-block-column-is-layout-flow\"><div class=\"wp-block-image\">\n<figure class=\"aligncenter size-thumbnail\"><img loading=\"lazy\" decoding=\"async\" width=\"150\" height=\"150\" src=\"https:\/\/www.andechser-am-dom.de\/en\/wp-content\/uploads\/sites\/2\/2022\/08\/Sortenlogo_Vollbier_Hell-150x150.png\" alt=\"Andechser Vollbier Hell\" class=\"wp-image-366\" srcset=\"https:\/\/www.andechser-am-dom.de\/en\/wp-content\/uploads\/sites\/2\/2022\/08\/Sortenlogo_Vollbier_Hell-150x150.png 150w, https:\/\/www.andechser-am-dom.de\/en\/wp-content\/uploads\/sites\/2\/2022\/08\/Sortenlogo_Vollbier_Hell-300x300.png 300w, https:\/\/www.andechser-am-dom.de\/en\/wp-content\/uploads\/sites\/2\/2022\/08\/Sortenlogo_Vollbier_Hell-768x768.png 768w, https:\/\/www.andechser-am-dom.de\/en\/wp-content\/uploads\/sites\/2\/2022\/08\/Sortenlogo_Vollbier_Hell-600x600.png 600w, https:\/\/www.andechser-am-dom.de\/en\/wp-content\/uploads\/sites\/2\/2022\/08\/Sortenlogo_Vollbier_Hell.png 945w\" sizes=\"auto, (max-width: 150px) 100vw, 150px\" \/><\/figure><\/div>\n\n\n<h4 class=\"has-text-align-center wp-block-heading\">spritzig, klassisch, bayerisch<\/h4>\n\n\n\n<p class=\"has-text-align-center\" style=\"font-size:14px\"><em>F\u00fcr den t\u00e4glichen Genu\u00df<\/em><\/p>\n<\/div>\n\n\n\n<div class=\"wp-block-column is-layout-flow wp-block-column-is-layout-flow\"><div class=\"wp-block-image\">\n<figure class=\"aligncenter size-thumbnail\"><img loading=\"lazy\" decoding=\"async\" width=\"150\" height=\"150\" src=\"https:\/\/www.andechser-am-dom.de\/en\/wp-content\/uploads\/sites\/2\/2022\/08\/Sortenlogo_Spezial_Hell-150x150.png\" alt=\"Andechser Spezial Hell\" class=\"wp-image-365\" srcset=\"https:\/\/www.andechser-am-dom.de\/en\/wp-content\/uploads\/sites\/2\/2022\/08\/Sortenlogo_Spezial_Hell-150x150.png 150w, https:\/\/www.andechser-am-dom.de\/en\/wp-content\/uploads\/sites\/2\/2022\/08\/Sortenlogo_Spezial_Hell-300x300.png 300w, https:\/\/www.andechser-am-dom.de\/en\/wp-content\/uploads\/sites\/2\/2022\/08\/Sortenlogo_Spezial_Hell-768x768.png 768w, https:\/\/www.andechser-am-dom.de\/en\/wp-content\/uploads\/sites\/2\/2022\/08\/Sortenlogo_Spezial_Hell-600x600.png 600w, https:\/\/www.andechser-am-dom.de\/en\/wp-content\/uploads\/sites\/2\/2022\/08\/Sortenlogo_Spezial_Hell.png 945w\" sizes=\"auto, (max-width: 150px) 100vw, 150px\" \/><\/figure><\/div>\n\n\n<h4 class=\"has-text-align-center wp-block-heading\">frisch, w\u00fcrzig, <br>festlich<\/h4>\n\n\n\n<p class=\"has-text-align-center\" style=\"font-size:14px\"><em>Feste soll man feiern wie sie fallen<\/em><\/p>\n<\/div>\n<\/div>\n<\/div>\n\n\n\n<div class=\"wp-block-group is-nowrap is-layout-flex wp-container-core-group-is-layout-ad2f72ca wp-block-group-is-layout-flex\">\n<div class=\"wp-block-columns mb5 is-layout-flex wp-container-core-columns-is-layout-9d6595d7 wp-block-columns-is-layout-flex\">\n<div class=\"wp-block-column is-layout-flow wp-block-column-is-layout-flow\"><div class=\"wp-block-image\">\n<figure class=\"aligncenter size-thumbnail\"><img loading=\"lazy\" decoding=\"async\" width=\"150\" height=\"150\" src=\"https:\/\/www.andechser-am-dom.de\/en\/wp-content\/uploads\/sites\/2\/2022\/08\/Sortenlogo_Bergbock_dt-150x150.png\" alt=\"Andechser Bergbock Hell\" class=\"wp-image-361\" srcset=\"https:\/\/www.andechser-am-dom.de\/en\/wp-content\/uploads\/sites\/2\/2022\/08\/Sortenlogo_Bergbock_dt-150x150.png 150w, https:\/\/www.andechser-am-dom.de\/en\/wp-content\/uploads\/sites\/2\/2022\/08\/Sortenlogo_Bergbock_dt-300x300.png 300w, https:\/\/www.andechser-am-dom.de\/en\/wp-content\/uploads\/sites\/2\/2022\/08\/Sortenlogo_Bergbock_dt-768x768.png 768w, https:\/\/www.andechser-am-dom.de\/en\/wp-content\/uploads\/sites\/2\/2022\/08\/Sortenlogo_Bergbock_dt-600x600.png 600w, https:\/\/www.andechser-am-dom.de\/en\/wp-content\/uploads\/sites\/2\/2022\/08\/Sortenlogo_Bergbock_dt.png 945w\" sizes=\"auto, (max-width: 150px) 100vw, 150px\" \/><\/figure><\/div>\n\n\n<h4 class=\"has-text-align-center wp-block-heading\">glanzklar, kr\u00e4ftig, malzaromatisch<\/h4>\n\n\n\n<p class=\"has-text-align-center\" style=\"font-size:14px\"><em>Der Geheimtip f\u00fcr den Kenner<\/em><\/p>\n<\/div>\n\n\n\n<div class=\"wp-block-column is-layout-flow wp-block-column-is-layout-flow\"><div class=\"wp-block-image\">\n<figure class=\"aligncenter size-thumbnail\"><img loading=\"lazy\" decoding=\"async\" width=\"150\" height=\"150\" src=\"https:\/\/www.andechser-am-dom.de\/en\/wp-content\/uploads\/sites\/2\/2022\/08\/Sortenlogo_Export_Dunkel_B-150x150.png\" alt=\"Andechser Export Dunkel\" class=\"wp-image-363\" srcset=\"https:\/\/www.andechser-am-dom.de\/en\/wp-content\/uploads\/sites\/2\/2022\/08\/Sortenlogo_Export_Dunkel_B-150x150.png 150w, https:\/\/www.andechser-am-dom.de\/en\/wp-content\/uploads\/sites\/2\/2022\/08\/Sortenlogo_Export_Dunkel_B-300x300.png 300w, https:\/\/www.andechser-am-dom.de\/en\/wp-content\/uploads\/sites\/2\/2022\/08\/Sortenlogo_Export_Dunkel_B-768x768.png 768w, https:\/\/www.andechser-am-dom.de\/en\/wp-content\/uploads\/sites\/2\/2022\/08\/Sortenlogo_Export_Dunkel_B-600x600.png 600w, https:\/\/www.andechser-am-dom.de\/en\/wp-content\/uploads\/sites\/2\/2022\/08\/Sortenlogo_Export_Dunkel_B.png 945w\" sizes=\"auto, (max-width: 150px) 100vw, 150px\" \/><\/figure><\/div>\n\n\n<h4 class=\"has-text-align-center wp-block-heading\">mild, harmonisch, <br>schlank<\/h4>\n\n\n\n<p class=\"has-text-align-center\" style=\"font-size:14px\"><em><em>Das Dunkle f\u00fcr den \u201eetwas leichteren\u201c Genu\u00df<\/em><\/em><\/p>\n<\/div>\n<\/div>\n<\/div>\n<\/div>\n<\/div>\n<\/div>\n\n\n\n<div class=\"wp-block-group is-content-justification-center is-nowrap is-layout-flex wp-container-core-group-is-layout-94bc23d7 wp-block-group-is-layout-flex\">\n<div class=\"wp-block-columns fullwidth is-layout-flex wp-container-core-columns-is-layout-9d6595d7 wp-block-columns-is-layout-flex\">\n<div class=\"wp-block-column is-layout-flow wp-block-column-is-layout-flow\" style=\"flex-basis:25%\"><div class=\"wp-block-image\">\n<figure class=\"aligncenter size-thumbnail\"><img loading=\"lazy\" decoding=\"async\" width=\"150\" height=\"150\" src=\"https:\/\/www.andechser-am-dom.de\/en\/wp-content\/uploads\/sites\/2\/2022\/08\/Sortenlogo_Doppelbock_dt-150x150.png\" alt=\"Andechser Doppelbock Dunkel\" class=\"wp-image-362\" srcset=\"https:\/\/www.andechser-am-dom.de\/en\/wp-content\/uploads\/sites\/2\/2022\/08\/Sortenlogo_Doppelbock_dt-150x150.png 150w, https:\/\/www.andechser-am-dom.de\/en\/wp-content\/uploads\/sites\/2\/2022\/08\/Sortenlogo_Doppelbock_dt-300x300.png 300w, https:\/\/www.andechser-am-dom.de\/en\/wp-content\/uploads\/sites\/2\/2022\/08\/Sortenlogo_Doppelbock_dt-768x768.png 768w, https:\/\/www.andechser-am-dom.de\/en\/wp-content\/uploads\/sites\/2\/2022\/08\/Sortenlogo_Doppelbock_dt-600x600.png 600w, https:\/\/www.andechser-am-dom.de\/en\/wp-content\/uploads\/sites\/2\/2022\/08\/Sortenlogo_Doppelbock_dt.png 945w\" sizes=\"auto, (max-width: 150px) 100vw, 150px\" \/><\/figure><\/div>\n\n\n<h4 class=\"has-text-align-center wp-block-heading\">vollmundig, samtig, <br>m\u00e4chtig<\/h4>\n\n\n\n<p class=\"has-text-align-center\" style=\"font-size:14px\"><em><em>Das weltber\u00fchmte Bier vom Heiligen Berg<\/em><\/em><\/p>\n<\/div>\n\n\n\n<div class=\"wp-block-column is-layout-flow wp-block-column-is-layout-flow\" style=\"flex-basis:25%\"><div class=\"wp-block-image\">\n<figure class=\"aligncenter size-thumbnail\"><img loading=\"lazy\" decoding=\"async\" width=\"150\" height=\"150\" src=\"https:\/\/www.andechser-am-dom.de\/en\/wp-content\/uploads\/sites\/2\/2022\/08\/Sortenlogo_Weissbier_Hell-150x150.png\" alt=\"Andechser Weissbier Hell\" class=\"wp-image-368\" srcset=\"https:\/\/www.andechser-am-dom.de\/en\/wp-content\/uploads\/sites\/2\/2022\/08\/Sortenlogo_Weissbier_Hell-150x150.png 150w, https:\/\/www.andechser-am-dom.de\/en\/wp-content\/uploads\/sites\/2\/2022\/08\/Sortenlogo_Weissbier_Hell-300x300.png 300w, https:\/\/www.andechser-am-dom.de\/en\/wp-content\/uploads\/sites\/2\/2022\/08\/Sortenlogo_Weissbier_Hell-768x768.png 768w, https:\/\/www.andechser-am-dom.de\/en\/wp-content\/uploads\/sites\/2\/2022\/08\/Sortenlogo_Weissbier_Hell-600x600.png 600w, https:\/\/www.andechser-am-dom.de\/en\/wp-content\/uploads\/sites\/2\/2022\/08\/Sortenlogo_Weissbier_Hell.png 945w\" sizes=\"auto, (max-width: 150px) 100vw, 150px\" \/><\/figure><\/div>\n\n\n<h4 class=\"has-text-align-center wp-block-heading\">belebend, fruchtig, <br>feinhefig<\/h4>\n\n\n\n<p class=\"has-text-align-center\" style=\"font-size:14px\"><em><em>Natur pur<\/em><\/em><\/p>\n<\/div>\n\n\n\n<div class=\"wp-block-column is-layout-flow wp-block-column-is-layout-flow\" style=\"flex-basis:25%\"><div class=\"wp-block-image\">\n<figure class=\"aligncenter size-thumbnail\"><img loading=\"lazy\" decoding=\"async\" width=\"150\" height=\"150\" src=\"https:\/\/www.andechser-am-dom.de\/en\/wp-content\/uploads\/sites\/2\/2022\/08\/Sortenlogo_Weissbier_Dunkel-150x150.png\" alt=\"Andechser Weissbier Dunkel\" class=\"wp-image-367\" srcset=\"https:\/\/www.andechser-am-dom.de\/en\/wp-content\/uploads\/sites\/2\/2022\/08\/Sortenlogo_Weissbier_Dunkel-150x150.png 150w, https:\/\/www.andechser-am-dom.de\/en\/wp-content\/uploads\/sites\/2\/2022\/08\/Sortenlogo_Weissbier_Dunkel-300x300.png 300w, https:\/\/www.andechser-am-dom.de\/en\/wp-content\/uploads\/sites\/2\/2022\/08\/Sortenlogo_Weissbier_Dunkel-768x768.png 768w, https:\/\/www.andechser-am-dom.de\/en\/wp-content\/uploads\/sites\/2\/2022\/08\/Sortenlogo_Weissbier_Dunkel-600x600.png 600w, https:\/\/www.andechser-am-dom.de\/en\/wp-content\/uploads\/sites\/2\/2022\/08\/Sortenlogo_Weissbier_Dunkel.png 945w\" sizes=\"auto, (max-width: 150px) 100vw, 150px\" \/><\/figure><\/div>\n\n\n<h4 class=\"has-text-align-center wp-block-heading\">elegant, spritzig, r\u00f6staromatisch<\/h4>\n\n\n\n<p class=\"has-text-align-center\" style=\"font-size:14px\"><em><em>Das oberg\u00e4rige Charakterbier<\/em><\/em><\/p>\n<\/div>\n\n\n\n<div class=\"wp-block-column is-layout-flow wp-block-column-is-layout-flow\" style=\"flex-basis:25%\"><div class=\"wp-block-image\">\n<figure class=\"aligncenter size-thumbnail\"><img loading=\"lazy\" decoding=\"async\" width=\"150\" height=\"150\" src=\"https:\/\/www.andechser-am-dom.de\/en\/wp-content\/uploads\/sites\/2\/2022\/08\/RZ_Sortenlogo_AHF_neu-150x150.png\" alt=\"Andechser Weissbier Alkoholfrei\" class=\"wp-image-360\" srcset=\"https:\/\/www.andechser-am-dom.de\/en\/wp-content\/uploads\/sites\/2\/2022\/08\/RZ_Sortenlogo_AHF_neu-150x150.png 150w, https:\/\/www.andechser-am-dom.de\/en\/wp-content\/uploads\/sites\/2\/2022\/08\/RZ_Sortenlogo_AHF_neu-300x300.png 300w, https:\/\/www.andechser-am-dom.de\/en\/wp-content\/uploads\/sites\/2\/2022\/08\/RZ_Sortenlogo_AHF_neu-768x768.png 768w, https:\/\/www.andechser-am-dom.de\/en\/wp-content\/uploads\/sites\/2\/2022\/08\/RZ_Sortenlogo_AHF_neu-600x600.png 600w, https:\/\/www.andechser-am-dom.de\/en\/wp-content\/uploads\/sites\/2\/2022\/08\/RZ_Sortenlogo_AHF_neu.png 1007w\" sizes=\"auto, (max-width: 150px) 100vw, 150px\" \/><\/figure><\/div>\n\n\n<h4 class=\"has-text-align-center wp-block-heading\">feinhefig, fruchtig, <br>spritzig<\/h4>\n\n\n\n<p class=\"has-text-align-center\" style=\"font-size:14px\"><em><em><em>F\u00fcr bewusste Genie\u00dfer<\/em><\/em><\/em><\/p>\n<\/div>\n<\/div>\n<\/div>\n","protected":false},"excerpt":{"rendered":"<p>Tradition The served beer at the Andechser is certainly originate from the Andechs Monastery, found in 1455 \u2013 they look back on for more then 550 years in bavarian brewery tradition. The beer is exclusively produced from bavarian products as also the famous aromatic hop from \u201cHallertau\u201d.The high demands of the Andechser brewery itself: quality [&hellip;]<\/p>\n","protected":false},"author":1,"featured_media":0,"parent":0,"menu_order":0,"comment_status":"closed","ping_status":"closed","template":"","meta":{"ocean_post_layout":"","ocean_both_sidebars_style":"","ocean_both_sidebars_content_width":0,"ocean_both_sidebars_sidebars_width":0,"ocean_sidebar":"0","ocean_second_sidebar":"0","ocean_disable_margins":"enable","ocean_add_body_class":"","ocean_shortcode_before_top_bar":"","ocean_shortcode_after_top_bar":"","ocean_shortcode_before_header":"","ocean_shortcode_after_header":"[smartslider3 slider=\"2\"]","ocean_has_shortcode":"","ocean_shortcode_after_title":"","ocean_shortcode_before_footer_widgets":"","ocean_shortcode_after_footer_widgets":"","ocean_shortcode_before_footer_bottom":"","ocean_shortcode_after_footer_bottom":"","ocean_display_top_bar":"default","ocean_display_header":"default","ocean_header_style":"","ocean_center_header_left_menu":"0","ocean_custom_header_template":"0","ocean_custom_logo":0,"ocean_custom_retina_logo":0,"ocean_custom_logo_max_width":0,"ocean_custom_logo_tablet_max_width":0,"ocean_custom_logo_mobile_max_width":0,"ocean_custom_logo_max_height":0,"ocean_custom_logo_tablet_max_height":0,"ocean_custom_logo_mobile_max_height":0,"ocean_header_custom_menu":"0","ocean_menu_typo_font_family":"0","ocean_menu_typo_font_subset":"","ocean_menu_typo_font_size":0,"ocean_menu_typo_font_size_tablet":0,"ocean_menu_typo_font_size_mobile":0,"ocean_menu_typo_font_size_unit":"px","ocean_menu_typo_font_weight":"","ocean_menu_typo_font_weight_tablet":"","ocean_menu_typo_font_weight_mobile":"","ocean_menu_typo_transform":"","ocean_menu_typo_transform_tablet":"","ocean_menu_typo_transform_mobile":"","ocean_menu_typo_line_height":0,"ocean_menu_typo_line_height_tablet":0,"ocean_menu_typo_line_height_mobile":0,"ocean_menu_typo_line_height_unit":"","ocean_menu_typo_spacing":0,"ocean_menu_typo_spacing_tablet":0,"ocean_menu_typo_spacing_mobile":0,"ocean_menu_typo_spacing_unit":"","ocean_menu_link_color":"","ocean_menu_link_color_hover":"","ocean_menu_link_color_active":"","ocean_menu_link_background":"","ocean_menu_link_hover_background":"","ocean_menu_link_active_background":"","ocean_menu_social_links_bg":"","ocean_menu_social_hover_links_bg":"","ocean_menu_social_links_color":"","ocean_menu_social_hover_links_color":"","ocean_disable_title":"default","ocean_disable_heading":"default","ocean_post_title":"","ocean_post_subheading":"","ocean_post_title_style":"","ocean_post_title_background_color":"","ocean_post_title_background":0,"ocean_post_title_bg_image_position":"","ocean_post_title_bg_image_attachment":"","ocean_post_title_bg_image_repeat":"","ocean_post_title_bg_image_size":"","ocean_post_title_height":0,"ocean_post_title_bg_overlay":0.5,"ocean_post_title_bg_overlay_color":"","ocean_disable_breadcrumbs":"default","ocean_breadcrumbs_color":"","ocean_breadcrumbs_separator_color":"","ocean_breadcrumbs_links_color":"","ocean_breadcrumbs_links_hover_color":"","ocean_display_footer_widgets":"default","ocean_display_footer_bottom":"default","ocean_custom_footer_template":"0","footnotes":""},"class_list":["post-25","page","type-page","status-publish","hentry","entry"],"_links":{"self":[{"href":"https:\/\/www.andechser-am-dom.de\/en\/wp-json\/wp\/v2\/pages\/25","targetHints":{"allow":["GET"]}}],"collection":[{"href":"https:\/\/www.andechser-am-dom.de\/en\/wp-json\/wp\/v2\/pages"}],"about":[{"href":"https:\/\/www.andechser-am-dom.de\/en\/wp-json\/wp\/v2\/types\/page"}],"author":[{"embeddable":true,"href":"https:\/\/www.andechser-am-dom.de\/en\/wp-json\/wp\/v2\/users\/1"}],"replies":[{"embeddable":true,"href":"https:\/\/www.andechser-am-dom.de\/en\/wp-json\/wp\/v2\/comments?post=25"}],"version-history":[{"count":19,"href":"https:\/\/www.andechser-am-dom.de\/en\/wp-json\/wp\/v2\/pages\/25\/revisions"}],"predecessor-version":[{"id":829,"href":"https:\/\/www.andechser-am-dom.de\/en\/wp-json\/wp\/v2\/pages\/25\/revisions\/829"}],"wp:attachment":[{"href":"https:\/\/www.andechser-am-dom.de\/en\/wp-json\/wp\/v2\/media?parent=25"}],"curies":[{"name":"wp","href":"https:\/\/api.w.org\/{rel}","templated":true}]}}