{"id":23,"date":"2022-08-09T09:39:08","date_gmt":"2022-08-09T09:39:08","guid":{"rendered":"https:\/\/vigilant-hawking.85-214-153-108.plesk.page\/en\/?page_id=23"},"modified":"2026-01-13T21:51:03","modified_gmt":"2026-01-13T21:51:03","slug":"reservierungen","status":"publish","type":"page","link":"https:\/\/www.andechser-am-dom.de\/en\/reservierungen\/","title":{"rendered":"Reservations"},"content":{"rendered":"\n<p>Reservieren Sie gerne jederzeit online f\u00fcr bis zu 10 G\u00e4sten.<\/p>\n\n\n\n<p>Anfragen f\u00fcr Gruppenreservierungen f\u00fcr mehr als 10 G\u00e4ste k\u00f6nnen Sie uns auch gerne \u00fcber unser <a rel=\"noreferrer noopener\" href=\"https:\/\/bankett.andechser-am-dom.de\/\" target=\"_blank\">Gruppenreservierungsformular<\/a> senden. Au\u00dferdem k\u00fcmmern wir uns gerne per Email unter <a href=\"mailto:info@andechser-am-dom.de\">info@andechser-am-dom.de<\/a> oder telefonisch +49 89 24 29 29 20.<\/p>\n\n\n\n<p>F\u00fcr ihre gesch\u00e4ftliche und private Veranstaltung stehen wir Ihnen selbstverst\u00e4ndlich beratend zur Seite.<\/p>\n\n\n\n<p>Unser <a href=\"https:\/\/www.andechser-am-dom.de\/wp-content\/uploads\/2026\/01\/Bankettmappe_2025_31.07.25_HG.pdf\" target=\"_blank\" rel=\"noreferrer noopener\">Bankettmappe f\u00fcr Reservierungen ab 10 Personen finden Sie hier<\/a>.<\/p>\n\n\n\n<p>F\u00fcr kurzfristige Anfragen erreichen Sie uns gerne telefonisch unter +49 89 24 29 29 20.<\/p>\n\n\n\n<p>*********************<\/p>\n\n\n\n<script type='text\/javascript' src='\/\/www.opentable.de\/widget\/reservation\/loader?rid=108945&#038;type=standard&#038;theme=standard&#038;color=1&#038;dark=false&#038;iframe=true&#038;domain=de&#038;lang=de-DE&#038;newtab=false&#038;ot_source=Restaurant%20website&#038;cfe=true'><\/script>\n\n\n\n<div style=\"height:100px\" aria-hidden=\"true\" class=\"wp-block-spacer\"><\/div>\n","protected":false},"excerpt":{"rendered":"<p>Reservieren Sie gerne jederzeit online f\u00fcr bis zu 10 G\u00e4sten. Anfragen f\u00fcr Gruppenreservierungen f\u00fcr mehr als 10 G\u00e4ste k\u00f6nnen Sie uns auch gerne \u00fcber unser Gruppenreservierungsformular senden. Au\u00dferdem k\u00fcmmern wir uns gerne per Email unter info@andechser-am-dom.de oder telefonisch +49 89 24 29 29 20. F\u00fcr ihre gesch\u00e4ftliche und private Veranstaltung stehen wir Ihnen selbstverst\u00e4ndlich beratend [&hellip;]<\/p>\n","protected":false},"author":1,"featured_media":0,"parent":0,"menu_order":0,"comment_status":"closed","ping_status":"closed","template":"","meta":{"ocean_post_layout":"","ocean_both_sidebars_style":"","ocean_both_sidebars_content_width":0,"ocean_both_sidebars_sidebars_width":0,"ocean_sidebar":"0","ocean_second_sidebar":"0","ocean_disable_margins":"enable","ocean_add_body_class":"","ocean_shortcode_before_top_bar":"","ocean_shortcode_after_top_bar":"","ocean_shortcode_before_header":"","ocean_shortcode_after_header":"","ocean_has_shortcode":"","ocean_shortcode_after_title":"","ocean_shortcode_before_footer_widgets":"","ocean_shortcode_after_footer_widgets":"","ocean_shortcode_before_footer_bottom":"","ocean_shortcode_after_footer_bottom":"","ocean_display_top_bar":"default","ocean_display_header":"default","ocean_header_style":"","ocean_center_header_left_menu":"0","ocean_custom_header_template":"0","ocean_custom_logo":0,"ocean_custom_retina_logo":0,"ocean_custom_logo_max_width":0,"ocean_custom_logo_tablet_max_width":0,"ocean_custom_logo_mobile_max_width":0,"ocean_custom_logo_max_height":0,"ocean_custom_logo_tablet_max_height":0,"ocean_custom_logo_mobile_max_height":0,"ocean_header_custom_menu":"0","ocean_menu_typo_font_family":"0","ocean_menu_typo_font_subset":"","ocean_menu_typo_font_size":0,"ocean_menu_typo_font_size_tablet":0,"ocean_menu_typo_font_size_mobile":0,"ocean_menu_typo_font_size_unit":"px","ocean_menu_typo_font_weight":"","ocean_menu_typo_font_weight_tablet":"","ocean_menu_typo_font_weight_mobile":"","ocean_menu_typo_transform":"","ocean_menu_typo_transform_tablet":"","ocean_menu_typo_transform_mobile":"","ocean_menu_typo_line_height":0,"ocean_menu_typo_line_height_tablet":0,"ocean_menu_typo_line_height_mobile":0,"ocean_menu_typo_line_height_unit":"","ocean_menu_typo_spacing":0,"ocean_menu_typo_spacing_tablet":0,"ocean_menu_typo_spacing_mobile":0,"ocean_menu_typo_spacing_unit":"","ocean_menu_link_color":"","ocean_menu_link_color_hover":"","ocean_menu_link_color_active":"","ocean_menu_link_background":"","ocean_menu_link_hover_background":"","ocean_menu_link_active_background":"","ocean_menu_social_links_bg":"","ocean_menu_social_hover_links_bg":"","ocean_menu_social_links_color":"","ocean_menu_social_hover_links_color":"","ocean_disable_title":"default","ocean_disable_heading":"default","ocean_post_title":"","ocean_post_subheading":"","ocean_post_title_style":"","ocean_post_title_background_color":"","ocean_post_title_background":0,"ocean_post_title_bg_image_position":"","ocean_post_title_bg_image_attachment":"","ocean_post_title_bg_image_repeat":"","ocean_post_title_bg_image_size":"","ocean_post_title_height":0,"ocean_post_title_bg_overlay":0.5,"ocean_post_title_bg_overlay_color":"","ocean_disable_breadcrumbs":"default","ocean_breadcrumbs_color":"","ocean_breadcrumbs_separator_color":"","ocean_breadcrumbs_links_color":"","ocean_breadcrumbs_links_hover_color":"","ocean_display_footer_widgets":"default","ocean_display_footer_bottom":"default","ocean_custom_footer_template":"0","footnotes":""},"class_list":["post-23","page","type-page","status-publish","hentry","entry"],"_links":{"self":[{"href":"https:\/\/www.andechser-am-dom.de\/en\/wp-json\/wp\/v2\/pages\/23","targetHints":{"allow":["GET"]}}],"collection":[{"href":"https:\/\/www.andechser-am-dom.de\/en\/wp-json\/wp\/v2\/pages"}],"about":[{"href":"https:\/\/www.andechser-am-dom.de\/en\/wp-json\/wp\/v2\/types\/page"}],"author":[{"embeddable":true,"href":"https:\/\/www.andechser-am-dom.de\/en\/wp-json\/wp\/v2\/users\/1"}],"replies":[{"embeddable":true,"href":"https:\/\/www.andechser-am-dom.de\/en\/wp-json\/wp\/v2\/comments?post=23"}],"version-history":[{"count":8,"href":"https:\/\/www.andechser-am-dom.de\/en\/wp-json\/wp\/v2\/pages\/23\/revisions"}],"predecessor-version":[{"id":970,"href":"https:\/\/www.andechser-am-dom.de\/en\/wp-json\/wp\/v2\/pages\/23\/revisions\/970"}],"wp:attachment":[{"href":"https:\/\/www.andechser-am-dom.de\/en\/wp-json\/wp\/v2\/media?parent=23"}],"curies":[{"name":"wp","href":"https:\/\/api.w.org\/{rel}","templated":true}]}}